
{"id":6309,"date":"2019-11-29T17:12:49","date_gmt":"2019-11-29T21:12:49","guid":{"rendered":"https:\/\/cebem.org\/?page_id=6309"},"modified":"2019-12-06T18:07:37","modified_gmt":"2019-12-06T22:07:37","slug":"voluntariado-euav-cb4aid","status":"publish","type":"page","link":"https:\/\/cebem.org\/?page_id=6309","title":{"rendered":"Voluntariado EUAV CB4AID"},"content":{"rendered":"\n<p class=\"has-text-align-justify\">El proyecto <strong>\u201cEmpoderamiento de las capacidades locales para el voluntariado humanitario en Am\u00e9rica Latina y el Caribe \u2013 CB4AID\u201d<\/strong> tiene una duraci\u00f3n de 24 meses, y esta liderado por Alianza por la Solidaridad e Implementando por 3 socios europeos y 17 socios de Am\u00e9rica Latina y el Caribe (ALC).<\/p>\n\n\n\n<div class=\"wp-block-media-text\"><figure class=\"wp-block-media-text__media\"><img data-recalc-dims=\"1\" fetchpriority=\"high\" decoding=\"async\" width=\"750\" height=\"421\" src=\"https:\/\/i0.wp.com\/cebem.org\/wp-content\/uploads\/2019\/11\/proyecto-euaid-1024x575.jpg?resize=750%2C421&#038;ssl=1\" alt=\"\" class=\"wp-image-6313\" srcset=\"https:\/\/i0.wp.com\/cebem.org\/wp-content\/uploads\/2019\/11\/proyecto-euaid.jpg?resize=1024%2C575&amp;ssl=1 1024w, https:\/\/i0.wp.com\/cebem.org\/wp-content\/uploads\/2019\/11\/proyecto-euaid.jpg?resize=300%2C168&amp;ssl=1 300w, https:\/\/i0.wp.com\/cebem.org\/wp-content\/uploads\/2019\/11\/proyecto-euaid.jpg?resize=768%2C431&amp;ssl=1 768w, https:\/\/i0.wp.com\/cebem.org\/wp-content\/uploads\/2019\/11\/proyecto-euaid.jpg?resize=600%2C337&amp;ssl=1 600w, https:\/\/i0.wp.com\/cebem.org\/wp-content\/uploads\/2019\/11\/proyecto-euaid.jpg?resize=1536%2C862&amp;ssl=1 1536w, https:\/\/i0.wp.com\/cebem.org\/wp-content\/uploads\/2019\/11\/proyecto-euaid.jpg?w=1612&amp;ssl=1 1612w\" sizes=\"(max-width: 750px) 100vw, 750px\" \/><\/figure><div class=\"wp-block-media-text__content\">\n<p class=\"has-text-align-center has-normal-font-size\">Para saber m\u00e1s, puede descargar este <a href=\"https:\/\/cebem.org\/wp-content\/uploads\/2019\/11\/CB4AID-Presentaci\u00f3n-Proyecto.pdf\" target=\"_blank\" rel=\"noreferrer noopener\" aria-label=\"ARCHIVO (se abre en una nueva pesta\u00f1a)\"><strong>ARCHIVO<\/strong><\/a><\/p>\n<\/div><\/div>\n\n\n\n<blockquote class=\"wp-block-quote is-layout-flow wp-block-quote-is-layout-flow\"><p>Como parte del Proyecto se realizaron dos actividades importantes:<\/p><\/blockquote>\n\n\n\n<h3 class=\"has-vivid-purple-color has-text-color wp-block-heading\">1. Jornada de Desarrollo de Capacidades en Gestion del Voluntariado<\/h3>\n\n\n\n<div class=\"wp-block-image\"><figure class=\"aligncenter size-large is-resized\"><img data-recalc-dims=\"1\" decoding=\"async\" src=\"https:\/\/i0.wp.com\/cebem.org\/wp-content\/uploads\/2019\/12\/70d40b86-f33e-47bb-99f3-d2ddc895dd91.jpg?resize=512%2C342&#038;ssl=1\" alt=\"\" class=\"wp-image-6369\" width=\"512\" height=\"342\" srcset=\"https:\/\/i0.wp.com\/cebem.org\/wp-content\/uploads\/2019\/12\/70d40b86-f33e-47bb-99f3-d2ddc895dd91.jpg?resize=1024%2C683&amp;ssl=1 1024w, https:\/\/i0.wp.com\/cebem.org\/wp-content\/uploads\/2019\/12\/70d40b86-f33e-47bb-99f3-d2ddc895dd91.jpg?resize=300%2C200&amp;ssl=1 300w, https:\/\/i0.wp.com\/cebem.org\/wp-content\/uploads\/2019\/12\/70d40b86-f33e-47bb-99f3-d2ddc895dd91.jpg?resize=768%2C512&amp;ssl=1 768w, https:\/\/i0.wp.com\/cebem.org\/wp-content\/uploads\/2019\/12\/70d40b86-f33e-47bb-99f3-d2ddc895dd91.jpg?resize=600%2C400&amp;ssl=1 600w, https:\/\/i0.wp.com\/cebem.org\/wp-content\/uploads\/2019\/12\/70d40b86-f33e-47bb-99f3-d2ddc895dd91.jpg?w=1450&amp;ssl=1 1450w\" sizes=\"(max-width: 512px) 100vw, 512px\" \/><figcaption>El grupo de voluntarios asistentes a la Jornada<\/figcaption><\/figure><\/div>\n\n\n\n<div class=\"wp-block-media-text\" style=\"grid-template-columns:23% auto\"><figure class=\"wp-block-media-text__media\"><img data-recalc-dims=\"1\" decoding=\"async\" width=\"587\" height=\"717\" src=\"https:\/\/i0.wp.com\/cebem.org\/wp-content\/uploads\/2019\/11\/tapa-informe-evelin.jpg?resize=587%2C717&#038;ssl=1\" alt=\"\" class=\"wp-image-6312\" srcset=\"https:\/\/i0.wp.com\/cebem.org\/wp-content\/uploads\/2019\/11\/tapa-informe-evelin.jpg?w=587&amp;ssl=1 587w, https:\/\/i0.wp.com\/cebem.org\/wp-content\/uploads\/2019\/11\/tapa-informe-evelin.jpg?resize=246%2C300&amp;ssl=1 246w\" sizes=\"(max-width: 587px) 100vw, 587px\" \/><\/figure><div class=\"wp-block-media-text__content\">\n<p class=\"has-normal-font-size\">Para m\u00e1s informaci\u00f3n se presenta el, Informe de Desarrollo de Capacidades en Gestion del Voluntariado, <strong><a href=\"https:\/\/cebem.org\/wp-content\/uploads\/2019\/12\/Informe-Desarrollo-Capacidades-Final-OK-09-19.pdf\" target=\"_blank\" rel=\"noreferrer noopener\" aria-label=\" (se abre en una nueva pesta\u00f1a)\">Descargar archivo<\/a><\/strong>.<\/p>\n<\/div><\/div>\n\n\n\n<hr class=\"wp-block-separator is-style-wide\"\/>\n\n\n\n<h3 class=\"has-vivid-purple-color has-text-color wp-block-heading\">2. Curso virtual: Adaptaci\u00f3n al cambio clim\u00e1tico, reducci\u00f3n de riesgos y resiliencia en comunidades afectadas por desastres<\/h3>\n\n\n\n<div class=\"wp-block-image\"><figure class=\"aligncenter size-full is-resized\"><img data-recalc-dims=\"1\" loading=\"lazy\" decoding=\"async\" src=\"https:\/\/i0.wp.com\/cebem.org\/wp-content\/uploads\/2019\/10\/curso-adaptacion-cc-2019.jpg?resize=525%2C341&#038;ssl=1\" alt=\"\" class=\"wp-image-6118\" width=\"525\" height=\"341\" srcset=\"https:\/\/i0.wp.com\/cebem.org\/wp-content\/uploads\/2019\/10\/curso-adaptacion-cc-2019.jpg?w=700&amp;ssl=1 700w, https:\/\/i0.wp.com\/cebem.org\/wp-content\/uploads\/2019\/10\/curso-adaptacion-cc-2019.jpg?resize=300%2C195&amp;ssl=1 300w, https:\/\/i0.wp.com\/cebem.org\/wp-content\/uploads\/2019\/10\/curso-adaptacion-cc-2019.jpg?resize=600%2C390&amp;ssl=1 600w\" sizes=\"(max-width: 525px) 100vw, 525px\" \/><\/figure><\/div>\n\n\n\n<p class=\"has-text-align-justify\"> El curso est\u00e1 dirigido a comunidades de varios lugares de Bolivia que desean fortalecer su capacidad en la gesti\u00f3n de riesgos. Se est\u00e1 impartiendo por el CEBEM en su plataforma e-learning. El curso es pr\u00e1ctico y tomar\u00e1 en cuenta las lecciones que compartir\u00e1n entre si los participantes. <\/p>\n\n\n\n<p>Para este curso se difundi\u00f3 un bolet\u00edn y se creo su espacio en la p\u00e1gina de Cebem.<\/p>\n\n\n\n<ul class=\"wp-block-list\"><li> <a rel=\"noreferrer noopener\" aria-label=\"Link del Bolet\u00edn (se abre en una nueva pesta\u00f1a)\" href=\"https:\/\/cebem.org\/boletin\/2019\/cebem\/boletin21.html\" target=\"_blank\">Link del Bolet\u00edn<\/a><\/li><li> <a href=\"https:\/\/cebem.org\/?page_id=6108\" target=\"_blank\" rel=\"noreferrer noopener\" aria-label=\"Link de la p\u00e1gina en Cebem (se abre en una nueva pesta\u00f1a)\">Link de la p\u00e1gina en Cebem<\/a><\/li><\/ul>\n\n\n\n<div class=\"wp-block-media-text\" style=\"grid-template-columns:36% auto\"><figure class=\"wp-block-media-text__media\"><img data-recalc-dims=\"1\" loading=\"lazy\" decoding=\"async\" width=\"459\" height=\"679\" src=\"https:\/\/i0.wp.com\/cebem.org\/wp-content\/uploads\/2019\/11\/curso-acc.jpg?resize=459%2C679&#038;ssl=1\" alt=\"\" class=\"wp-image-6314\" srcset=\"https:\/\/i0.wp.com\/cebem.org\/wp-content\/uploads\/2019\/11\/curso-acc.jpg?w=459&amp;ssl=1 459w, https:\/\/i0.wp.com\/cebem.org\/wp-content\/uploads\/2019\/11\/curso-acc.jpg?resize=203%2C300&amp;ssl=1 203w\" sizes=\"(max-width: 459px) 100vw, 459px\" \/><\/figure><div class=\"wp-block-media-text__content\">\n<p>El curso se est\u00e1 desarrollando en nuestra plataforma\ne-learning, donde participan m\u00e1s de 50 participantes.<\/p>\n\n\n\n<p class=\"has-text-align-center\"><strong><a href=\"http:\/\/campus.cebem.org\/course\/view.php?id=27\" target=\"_blank\" rel=\"noreferrer noopener\" aria-label=\"Acceso al curso virtual (se abre en una nueva pesta\u00f1a)\">Acceso al curso virtual<\/a><\/strong><\/p>\n<\/div><\/div>\n","protected":false},"excerpt":{"rendered":"<p>El proyecto \u201cEmpoderamiento de las capacidades locales para el voluntariado humanitario en Am\u00e9rica Latina y el Caribe \u2013 CB4AID\u201d tiene una duraci\u00f3n de 24 meses, y esta liderado por Alianza por la Solidaridad e Implementando por 3 socios europeos y 17 socios de Am\u00e9rica Latina y el Caribe (ALC). Para saber m\u00e1s, puede descargar este &hellip; <\/p>\n<p><a class=\"more-link btn\" href=\"https:\/\/cebem.org\/?page_id=6309\">Seguir leyendo<\/a><\/p>\n","protected":false},"author":2,"featured_media":6313,"parent":865,"menu_order":0,"comment_status":"closed","ping_status":"closed","template":"","meta":{"footnotes":""},"class_list":["post-6309","page","type-page","status-publish","has-post-thumbnail","hentry","nodate","item-wrap"],"jetpack_sharing_enabled":true,"_links":{"self":[{"href":"https:\/\/cebem.org\/index.php?rest_route=\/wp\/v2\/pages\/6309","targetHints":{"allow":["GET"]}}],"collection":[{"href":"https:\/\/cebem.org\/index.php?rest_route=\/wp\/v2\/pages"}],"about":[{"href":"https:\/\/cebem.org\/index.php?rest_route=\/wp\/v2\/types\/page"}],"author":[{"embeddable":true,"href":"https:\/\/cebem.org\/index.php?rest_route=\/wp\/v2\/users\/2"}],"replies":[{"embeddable":true,"href":"https:\/\/cebem.org\/index.php?rest_route=%2Fwp%2Fv2%2Fcomments&post=6309"}],"version-history":[{"count":7,"href":"https:\/\/cebem.org\/index.php?rest_route=\/wp\/v2\/pages\/6309\/revisions"}],"predecessor-version":[{"id":6375,"href":"https:\/\/cebem.org\/index.php?rest_route=\/wp\/v2\/pages\/6309\/revisions\/6375"}],"up":[{"embeddable":true,"href":"https:\/\/cebem.org\/index.php?rest_route=\/wp\/v2\/pages\/865"}],"wp:featuredmedia":[{"embeddable":true,"href":"https:\/\/cebem.org\/index.php?rest_route=\/wp\/v2\/media\/6313"}],"wp:attachment":[{"href":"https:\/\/cebem.org\/index.php?rest_route=%2Fwp%2Fv2%2Fmedia&parent=6309"}],"curies":[{"name":"wp","href":"https:\/\/api.w.org\/{rel}","templated":true}]}}